{"id":1178,"date":"2022-05-19T11:12:47","date_gmt":"2022-05-19T11:12:47","guid":{"rendered":"https:\/\/martapalencia.com\/?page_id=1178"},"modified":"2022-05-19T16:59:18","modified_gmt":"2022-05-19T16:59:18","slug":"marta-3","status":"publish","type":"page","link":"https:\/\/martapalencia.com\/?page_id=1178","title":{"rendered":"MARTA"},"content":{"rendered":"<p>[et_pb_section fb_built=\u00bb1&#8243; fullwidth=\u00bbon\u00bb admin_label=\u00bbHeader\u00bb _builder_version=\u00bb4.17.4&#8243; background_image=\u00bbhttps:\/\/martapalencia.com\/wp-content\/uploads\/2022\/05\/RADIO06-1.jpg\u00bb parallax=\u00bbon\u00bb custom_padding=\u00bb0|0px|0|0px|false|false\u00bb hover_enabled=\u00bb0&#8243; global_colors_info=\u00bb{}\u00bb _module_preset=\u00bbdefault\u00bb theme_builder_area=\u00bbpost_content\u00bb title_text=\u00bbRADIO06&#8243; sticky_enabled=\u00bb0&#8243;][et_pb_fullwidth_header title=\u00bbSobre mi\u00bb content_max_width=\u00bb650px\u00bb content_max_width_tablet=\u00bb480px\u00bb content_max_width_phone=\u00bb\u00bb content_max_width_last_edited=\u00bbon|tablet\u00bb _builder_version=\u00bb4.17.4&#8243; title_font=\u00bbAbril Fatface||||||||\u00bb title_font_size=\u00bb72px\u00bb title_line_height=\u00bb1.2em\u00bb content_font=\u00bbCabin||||||||\u00bb content_font_size=\u00bb24px\u00bb content_line_height=\u00bb1.8em\u00bb background_color=\u00bbRGBA(255,255,255,0)\u00bb use_background_color_gradient=\u00bbon\u00bb background_color_gradient_type=\u00bbcircular\u00bb background_color_gradient_direction_radial=\u00bbright\u00bb background_color_gradient_stops=\u00bbrgba(255,255,255,0) 0%|#ffffff 40%\u00bb background_color_gradient_start=\u00bbrgba(255,255,255,0)\u00bb background_color_gradient_end=\u00bb#ffffff\u00bb background_color_gradient_end_position=\u00bb40%\u00bb background_position=\u00bbcenter_left\u00bb custom_button_one=\u00bbon\u00bb button_one_text_size=\u00bb16px\u00bb button_one_text_color=\u00bb#ffffff\u00bb button_one_bg_color=\u00bb#ff6d4a\u00bb button_one_border_width=\u00bb15px\u00bb button_one_border_color=\u00bb#ff6d4a\u00bb button_one_border_radius=\u00bb4px\u00bb button_one_letter_spacing=\u00bb3px\u00bb button_one_font=\u00bbCabin|700||on|||||\u00bb custom_button_two=\u00bbon\u00bb button_two_text_size=\u00bb16px\u00bb button_two_text_color=\u00bb#ffffff\u00bb button_two_bg_color=\u00bb#ff6d4a\u00bb button_two_border_width=\u00bb15px\u00bb button_two_border_color=\u00bb#ff6d4a\u00bb button_two_border_radius=\u00bb4px\u00bb button_two_letter_spacing=\u00bb3px\u00bb button_two_font=\u00bbCabin|700||on|||||\u00bb background_layout=\u00bblight\u00bb custom_margin=\u00bb|||\u00bb custom_padding=\u00bb121px||121px||true|\u00bb hover_enabled=\u00bb0&#8243; title_font_size_tablet=\u00bb\u00bb title_font_size_phone=\u00bb40px\u00bb title_font_size_last_edited=\u00bbon|phone\u00bb title_line_height_tablet=\u00bb\u00bb title_line_height_phone=\u00bb1.2em\u00bb title_line_height_last_edited=\u00bbon|phone\u00bb button_one_border_radius_hover=\u00bb4px\u00bb button_two_border_radius_hover=\u00bb4px\u00bb button_one_letter_spacing_hover=\u00bb3px\u00bb button_two_letter_spacing_hover=\u00bb3px\u00bb global_colors_info=\u00bb{}\u00bb button_one_text_size__hover_enabled=\u00bboff\u00bb button_two_text_size__hover_enabled=\u00bboff\u00bb button_one_text_color__hover_enabled=\u00bboff\u00bb button_two_text_color__hover_enabled=\u00bboff\u00bb button_one_border_width__hover_enabled=\u00bboff\u00bb button_two_border_width__hover_enabled=\u00bboff\u00bb button_one_border_color__hover_enabled=\u00bboff\u00bb button_two_border_color__hover_enabled=\u00bboff\u00bb button_one_border_radius__hover_enabled=\u00bbon\u00bb button_one_border_radius__hover=\u00bb4px\u00bb button_two_border_radius__hover_enabled=\u00bbon\u00bb button_two_border_radius__hover=\u00bb4px\u00bb button_one_letter_spacing__hover_enabled=\u00bbon\u00bb button_one_letter_spacing__hover=\u00bb3px\u00bb button_two_letter_spacing__hover_enabled=\u00bbon\u00bb button_two_letter_spacing__hover=\u00bb3px\u00bb button_one_bg_color__hover_enabled=\u00bboff\u00bb button_two_bg_color__hover_enabled=\u00bboff\u00bb _module_preset=\u00bbdefault\u00bb theme_builder_area=\u00bbpost_content\u00bb sticky_enabled=\u00bb0&#8243;]<\/p>\n<p><strong>A los 17 a\u00f1os inici\u00e9 mi carrera en los medios de comunicaci\u00f3n.<\/strong><\/p>\n<p><strong>En la RADIO, mi pasi\u00f3n.<\/strong><\/p>\n<p>[\/et_pb_fullwidth_header][\/et_pb_section][et_pb_section fb_built=\u00bb1&#8243; admin_label=\u00bbAbout\u00bb _builder_version=\u00bb4.17.4&#8243; hover_enabled=\u00bb0&#8243; locked=\u00bboff\u00bb global_colors_info=\u00bb{}\u00bb _module_preset=\u00bbdefault\u00bb theme_builder_area=\u00bbpost_content\u00bb sticky_enabled=\u00bb0&#8243;][et_pb_row padding_top_bottom_link_2=\u00bbfalse\u00bb _builder_version=\u00bb4.16&#8243; global_colors_info=\u00bb{}\u00bb _module_preset=\u00bbdefault\u00bb column_structure=\u00bb1_2,1_2&#8243; theme_builder_area=\u00bbpost_content\u00bb][et_pb_column type=\u00bb1_2&#8243; _builder_version=\u00bb4.16&#8243; background_size=\u00bbinitial\u00bb custom_padding=\u00bb|||\u00bb global_colors_info=\u00bb{}\u00bb custom_padding__hover=\u00bb|||\u00bb _module_preset=\u00bbdefault\u00bb theme_builder_area=\u00bbpost_content\u00bb][et_pb_image src=\u00bbhttps:\/\/martapalencia.com\/wp-content\/uploads\/2022\/05\/Marta02.jpg\u00bb align_tablet=\u00bbcenter\u00bb align_last_edited=\u00bbon|desktop\u00bb _builder_version=\u00bb4.17.4&#8243; animation_style=\u00bbslide\u00bb animation_direction=\u00bbleft\u00bb animation_intensity_slide=\u00bb2%\u00bb hover_enabled=\u00bb0&#8243; border_radii=\u00bbon|4px|4px|4px|4px\u00bb global_colors_info=\u00bb{}\u00bb _module_preset=\u00bbdefault\u00bb theme_builder_area=\u00bbpost_content\u00bb title_text=\u00bbMarta02&#8243; sticky_enabled=\u00bb0&#8243; align_phone=\u00bbcenter\u00bb][\/et_pb_image][\/et_pb_column][et_pb_column type=\u00bb1_2&#8243; _builder_version=\u00bb4.16&#8243; background_image=\u00bbhttps:\/\/martapalencia.com\/wp-content\/uploads\/2022\/05\/square-bg.png\u00bb background_size=\u00bbinitial\u00bb background_position=\u00bbtop_left\u00bb custom_padding=\u00bb40px|||40px\u00bb custom_padding_tablet=\u00bb|||\u00bb custom_padding_last_edited=\u00bboff|desktop\u00bb global_colors_info=\u00bb{}\u00bb padding_tablet=\u00bb|||\u00bb padding_last_edited=\u00bboff|desktop\u00bb custom_padding__hover=\u00bb|||\u00bb _module_preset=\u00bbdefault\u00bb theme_builder_area=\u00bbpost_content\u00bb][et_pb_text _builder_version=\u00bb4.17.4&#8243; text_font=\u00bb||||||||\u00bb text_font_size=\u00bb16px\u00bb text_line_height=\u00bb2em\u00bb header_font=\u00bb||||||||\u00bb header_2_font=\u00bbAbril Fatface||||||||\u00bb header_2_font_size=\u00bb60px\u00bb header_2_line_height=\u00bb1.2em\u00bb max_width=\u00bb600px\u00bb hover_enabled=\u00bb0&#8243; header_2_font_size_tablet=\u00bb50px\u00bb header_2_font_size_phone=\u00bb32px\u00bb header_2_font_size_last_edited=\u00bbon|desktop\u00bb locked=\u00bboff\u00bb global_colors_info=\u00bb{}\u00bb _module_preset=\u00bbdefault\u00bb theme_builder_area=\u00bbpost_content\u00bb sticky_enabled=\u00bb0&#8243;]<\/p>\n<h2>Comunicadora nata<\/h2>\n<p>Me licenci\u00e9 como Fil\u00f3loga en la Universidad de Barcelona pero trabajo como Periodista desde hace m\u00e1s de 20 a\u00f1os.<br \/>Mi aut\u00e9ntica pasi\u00f3n es la Comunicaci\u00f3n, pieza clave para entendernos, descubrirnos y hacer llegar a los dem\u00e1s lo que somos.<br \/>Mi vinculaci\u00f3n principal dentro del \u00e1mbito period\u00edstico me ha llevado a trabajar desde bien joven en la Radio como locutora de r\u00e1dio-f\u00f3rmula y, m\u00e1s adelante, como realizadora de programas.<\/p>\n<p>La uni\u00f3n de la Radio, un medio m\u00e1gico y creativo repleto de posibilidades para comunicar y aprender, y el de la M\u00fasica, me ha permitido disfrutar muchos a\u00f1os y descubrir a personas maravillosas a trav\u00e9s de las muchas entrevistas realizadas.<\/p>\n<p>En la Cadena SER me sumerg\u00ed en el \u00e1mbito tecnol\u00f3gico como realizadora y productora del programa \u00abCONNECTATS\u00bb , magazine de divulgaci\u00f3n tecnol\u00f3gica que premiaron en 2 ocasiones y que, m\u00e1s adelante, se emiti\u00f3 a nivel nacional en Gestiona Radio bajo el t\u00edtulo \u00abEn clave de tecnolog\u00eda\u00bb.<\/p>\n<p>[\/et_pb_text][\/et_pb_column][\/et_pb_row][et_pb_row _builder_version=\u00bb4.16&#8243; locked=\u00bboff\u00bb global_colors_info=\u00bb{}\u00bb _module_preset=\u00bbdefault\u00bb column_structure=\u00bb1_3,1_3,1_3&#8243; theme_builder_area=\u00bbpost_content\u00bb][et_pb_column type=\u00bb1_3&#8243; _builder_version=\u00bb4.16&#8243; custom_padding=\u00bb|||\u00bb global_colors_info=\u00bb{}\u00bb custom_padding__hover=\u00bb|||\u00bb _module_preset=\u00bbdefault\u00bb theme_builder_area=\u00bbpost_content\u00bb][et_pb_text _builder_version=\u00bb4.17.4&#8243; text_font=\u00bb||||||||\u00bb text_line_height=\u00bb2em\u00bb link_font=\u00bb|600|||||||\u00bb link_text_color=\u00bb#ff6d4a\u00bb header_font=\u00bb||||||||\u00bb header_3_font=\u00bbAbril Fatface||||||||\u00bb header_3_font_size=\u00bb20px\u00bb header_3_line_height=\u00bb1.2em\u00bb background_color=\u00bb#ffffff\u00bb custom_padding=\u00bb50px|40px|50px|40px|true|true\u00bb hover_enabled=\u00bb0&#8243; header_3_font_size_tablet=\u00bb60px\u00bb header_3_font_size_phone=\u00bb35px\u00bb header_3_font_size_last_edited=\u00bboff|desktop\u00bb border_radii=\u00bbon|4px|4px|4px|4px\u00bb border_width_all=\u00bb1px\u00bb border_color_all=\u00bb#e1e1e1&#8243; global_colors_info=\u00bb{}\u00bb _module_preset=\u00bbdefault\u00bb theme_builder_area=\u00bbpost_content\u00bb sticky_enabled=\u00bb0&#8243;]<\/p>\n<h3>Los PODCAST<\/h3>\n<p>La evoluci\u00f3n de la Radio me ha llevado directa a los Podcast, el medio de expresi\u00f3n que utilizo hoy en d\u00eda para dar voz a Mujeres silenciadas por la historia en el canal Cosas de Mujeres Lila, canal del que soy co-creadora junto a la actriz y creativa S\u00edlvia Aranda. Nuestro canal ha sido premiado por la ADPC (Associaci\u00f3 Dones Periodistes de Catalunya).<\/p>\n<p>[\/et_pb_text][\/et_pb_column][et_pb_column type=\u00bb1_3&#8243; _builder_version=\u00bb4.16&#8243; custom_padding=\u00bb|||\u00bb global_colors_info=\u00bb{}\u00bb custom_padding__hover=\u00bb|||\u00bb _module_preset=\u00bbdefault\u00bb theme_builder_area=\u00bbpost_content\u00bb][et_pb_text _builder_version=\u00bb4.17.4&#8243; text_font=\u00bb||||||||\u00bb text_line_height=\u00bb2em\u00bb link_font=\u00bb|600|||||||\u00bb link_text_color=\u00bb#ff6d4a\u00bb header_font=\u00bb||||||||\u00bb header_3_font=\u00bbAbril Fatface||||||||\u00bb header_3_font_size=\u00bb20px\u00bb header_3_line_height=\u00bb1.2em\u00bb background_color=\u00bb#ffffff\u00bb custom_padding=\u00bb50px|40px|50px|40px|true|true\u00bb hover_enabled=\u00bb0&#8243; header_3_font_size_tablet=\u00bb60px\u00bb header_3_font_size_phone=\u00bb35px\u00bb header_3_font_size_last_edited=\u00bboff|desktop\u00bb border_radii=\u00bbon|4px|4px|4px|4px\u00bb border_width_all=\u00bb1px\u00bb border_color_all=\u00bb#e1e1e1&#8243; locked=\u00bboff\u00bb global_colors_info=\u00bb{}\u00bb _module_preset=\u00bbdefault\u00bb theme_builder_area=\u00bbpost_content\u00bb sticky_enabled=\u00bb0&#8243;]<\/p>\n<h3>El M\u00e9todo GRINgo<\/h3>\n<p>Soy formadora de la voz. Doy clases de Comunicaci\u00f3n Verbal y No-Verbal, de forma individual y grupal.<\/p>\n<p>[\/et_pb_text][\/et_pb_column][et_pb_column type=\u00bb1_3&#8243; _builder_version=\u00bb4.16&#8243; custom_padding=\u00bb|||\u00bb global_colors_info=\u00bb{}\u00bb custom_padding__hover=\u00bb|||\u00bb _module_preset=\u00bbdefault\u00bb theme_builder_area=\u00bbpost_content\u00bb][et_pb_text _builder_version=\u00bb4.17.4&#8243; text_font=\u00bb||||||||\u00bb text_line_height=\u00bb2em\u00bb link_font=\u00bb|600|||||||\u00bb link_text_color=\u00bb#ff6d4a\u00bb header_font=\u00bb||||||||\u00bb header_3_font=\u00bbAbril Fatface||||||||\u00bb header_3_font_size=\u00bb20px\u00bb header_3_line_height=\u00bb1.2em\u00bb background_color=\u00bb#ffffff\u00bb custom_padding=\u00bb50px|40px|50px|40px|true|true\u00bb hover_enabled=\u00bb0&#8243; header_3_font_size_tablet=\u00bb60px\u00bb header_3_font_size_phone=\u00bb35px\u00bb header_3_font_size_last_edited=\u00bboff|desktop\u00bb border_radii=\u00bbon|4px|4px|4px|4px\u00bb border_width_all=\u00bb1px\u00bb border_color_all=\u00bb#e1e1e1&#8243; locked=\u00bboff\u00bb global_colors_info=\u00bb{}\u00bb _module_preset=\u00bbdefault\u00bb theme_builder_area=\u00bbpost_content\u00bb sticky_enabled=\u00bb0&#8243;]<\/p>\n<h3>Presentadora y moderadora de eventos<\/h3>\n<p>Me encanta dinamizar, moderar y presentar debates a los que est\u00e9 vinculada profesionalmente.<\/p>\n<p>Por cierto, si necesit\u00e1is una voz en off para vuestros espacios de creaci\u00f3n, me dedico a la locuci\u00f3n profesional.<\/p>\n<p>[\/et_pb_text][\/et_pb_column][\/et_pb_row][et_pb_row _builder_version=\u00bb4.16&#8243; locked=\u00bboff\u00bb global_colors_info=\u00bb{}\u00bb _module_preset=\u00bbdefault\u00bb column_structure=\u00bb1_3,1_3,1_3&#8243; theme_builder_area=\u00bbpost_content\u00bb][et_pb_column type=\u00bb1_3&#8243; _builder_version=\u00bb4.16&#8243; custom_padding=\u00bb|||\u00bb global_colors_info=\u00bb{}\u00bb custom_padding__hover=\u00bb|||\u00bb _module_preset=\u00bbdefault\u00bb theme_builder_area=\u00bbpost_content\u00bb][et_pb_toggle title=\u00bbEXPERIENCIA EN RADIO\u00bb _builder_version=\u00bb4.17.4&#8243; _module_preset=\u00bbdefault\u00bb theme_builder_area=\u00bbpost_content\u00bb hover_enabled=\u00bb0&#8243; sticky_enabled=\u00bb0&#8243;]<\/p>\n<p>Gestiona Radio (Nacional)<br \/>Cadena SER Catalunya<br \/>COM R\u00e0dio- La Xarxa<br \/>Cadena Dial Barcelona \u2013 Cadena SER<br \/>Cadena Cope Catalunya<br \/>Cadena 100 Barcelona<br \/>RCB \u2013 R\u00e0dio Ciutat de Badalona<br \/>R7P R\u00e0dio Andorra- Cadena Pirenaica<br \/>M80 Radio Barcelona \u2013 Cadena SER<br \/>Antena3 Radio<br \/>Radio 80 Serie Oro<br \/>Radio Miramar de Barcelona<br \/>R\u00e0dio L\u00b4Hospitalet<br \/>Sorteig TRIO de \u201cLoto Catalunya\u201d<br \/>Radio Gladys Palmera<br \/>Radio Corbera<\/p>\n<p>[\/et_pb_toggle][\/et_pb_column][et_pb_column type=\u00bb1_3&#8243; _builder_version=\u00bb4.16&#8243; custom_padding=\u00bb|||\u00bb global_colors_info=\u00bb{}\u00bb custom_padding__hover=\u00bb|||\u00bb _module_preset=\u00bbdefault\u00bb theme_builder_area=\u00bbpost_content\u00bb][et_pb_toggle title=\u00bbCURSOS COMUNICACI\u00d3N\u00bb _builder_version=\u00bb4.17.4&#8243; _module_preset=\u00bbdefault\u00bb theme_builder_area=\u00bbpost_content\u00bb hover_enabled=\u00bb0&#8243; sticky_enabled=\u00bb0&#8243;]<\/p>\n<p>Col-legi d\u00b4Advocats de Barcelona (ICAB)<br \/>Productora Els Pera<br \/>Universitat de Lleida<br \/>M\u00e0ster de Medicaci\u00f3 (ICAB)<br \/>Diputaci\u00f3 de Barcelona<br \/>Escola Pr\u00e0ctica Jur\u00eddica Granollers (EPJG)<\/p>\n<p>[\/et_pb_toggle][\/et_pb_column][et_pb_column type=\u00bb1_3&#8243; _builder_version=\u00bb4.16&#8243; custom_padding=\u00bb|||\u00bb global_colors_info=\u00bb{}\u00bb custom_padding__hover=\u00bb|||\u00bb _module_preset=\u00bbdefault\u00bb theme_builder_area=\u00bbpost_content\u00bb][et_pb_toggle title=\u00bbPRESENTACIONES\u00bb _builder_version=\u00bb4.17.4&#8243; _module_preset=\u00bbdefault\u00bb theme_builder_area=\u00bbpost_content\u00bb hover_enabled=\u00bb0&#8243; sticky_enabled=\u00bb0&#8243;]<\/p>\n<p>Generalitat de Catalunya<br \/>Col-legi Enginyers Telecomunicacions Catalunya<br \/>Cadena SER Catalunya<br \/>Diputaci\u00f3 de Barcelona<br \/>Fundaci\u00f3 Olof Palme<br \/>Associaci\u00f3 Catalana Publicitat i Comunicaci\u00f3 (ACPC)<br \/>Ajuntament de Badalona<br \/>Fundaci\u00f3n ONG Comparte<br \/>Mutua Intercomarcal<br \/>APPS Federaci\u00f3 Catalana Pro Persones Retard Mental<br \/>El Corte Ingl\u00e9s<\/p>\n<p>UOC<\/p>\n<p>[\/et_pb_toggle][\/et_pb_column][\/et_pb_row][\/et_pb_section][et_pb_section fb_built=\u00bb1&#8243; admin_label=\u00bbOur Cuisine\u00bb _builder_version=\u00bb4.16&#8243; global_colors_info=\u00bb{}\u00bb _module_preset=\u00bbdefault\u00bb theme_builder_area=\u00bbpost_content\u00bb][et_pb_row use_custom_gutter=\u00bbon\u00bb make_equal=\u00bbon\u00bb padding_top_bottom_link_1=\u00bbfalse\u00bb _builder_version=\u00bb4.16&#8243; width=\u00bb100%\u00bb max_width=\u00bb100%\u00bb custom_padding=\u00bb|||\u00bb use_custom_width=\u00bbon\u00bb width_unit=\u00bboff\u00bb custom_width_percent=\u00bb100%\u00bb global_colors_info=\u00bb{}\u00bb _module_preset=\u00bbdefault\u00bb column_structure=\u00bb1_2,1_2&#8243; theme_builder_area=\u00bbpost_content\u00bb][et_pb_column type=\u00bb1_2&#8243; _builder_version=\u00bb4.16&#8243; custom_padding=\u00bb|||12%\u00bb custom_padding_tablet=\u00bb|10%||10%|false|true\u00bb custom_padding_phone=\u00bb|||||false\u00bb custom_padding_last_edited=\u00bbon|desktop\u00bb global_colors_info=\u00bb{}\u00bb padding_phone=\u00bb|||||false\u00bb padding_tablet=\u00bb|10%||10%|false|true\u00bb padding_last_edited=\u00bbon|desktop\u00bb custom_padding__hover=\u00bb|||\u00bb _module_preset=\u00bbdefault\u00bb theme_builder_area=\u00bbpost_content\u00bb][et_pb_text _builder_version=\u00bb4.17.4&#8243; text_font=\u00bb||||||||\u00bb text_font_size=\u00bb16px\u00bb text_line_height=\u00bb2em\u00bb header_font=\u00bb||||||||\u00bb header_2_font=\u00bbAbril Fatface||||||||\u00bb header_2_font_size=\u00bb60px\u00bb header_2_line_height=\u00bb1.2em\u00bb max_width=\u00bb600px\u00bb hover_enabled=\u00bb0&#8243; header_2_font_size_tablet=\u00bb50px\u00bb header_2_font_size_phone=\u00bb32px\u00bb header_2_font_size_last_edited=\u00bbon|desktop\u00bb locked=\u00bboff\u00bb global_colors_info=\u00bb{}\u00bb _module_preset=\u00bbdefault\u00bb theme_builder_area=\u00bbpost_content\u00bb sticky_enabled=\u00bb0&#8243;]<\/p>\n<h2>Formaci\u00f3n<\/h2>\n<p>LICENCIADA en Filolog\u00eda Hisp\u00e1nica por la Universitat de Barcelona (UB)<br \/>Colegiada en COL.LEGI de PERIODISTES de Catalunya<br \/>Curso de Voz (Institut del Teatre de Barcelona)<br \/>Diplomada en Radio y TV (Escuela Micro Obert)<br \/>Estudios esc\u00e9nicos y teatrales.<br \/>Estudios de solfeo, piano y canto.<\/p>\n<p>[\/et_pb_text][et_pb_text _builder_version=\u00bb4.17.4&#8243; text_font=\u00bb||||||||\u00bb text_font_size=\u00bb16px\u00bb text_line_height=\u00bb2em\u00bb header_font=\u00bb||||||||\u00bb header_2_font=\u00bbAbril Fatface||||||||\u00bb header_2_font_size=\u00bb60px\u00bb header_2_line_height=\u00bb1.2em\u00bb max_width=\u00bb600px\u00bb hover_enabled=\u00bb0&#8243; header_2_font_size_tablet=\u00bb50px\u00bb header_2_font_size_phone=\u00bb32px\u00bb header_2_font_size_last_edited=\u00bbon|desktop\u00bb locked=\u00bboff\u00bb global_colors_info=\u00bb{}\u00bb _module_preset=\u00bbdefault\u00bb theme_builder_area=\u00bbpost_content\u00bb sticky_enabled=\u00bb0&#8243;]<\/p>\n<h2>Mis especialidades<\/h2>\n<p>Especialidades: Medios de Comunicaci\u00f3n, Desarrollo Personal, Cultura.<br \/>Co-Creadora del canal Podcast Lila: cosas-de-mujeres.com<br \/>Divulgadora tecnol\u00f3gica.<br \/>\u00c1mbito de la Comunicaci\u00f3n y la Expresi\u00f3n Personal.<br \/>Producci\u00f3n y realizaci\u00f3n programas radiof\u00f3nicos.<br \/>M\u00fasica (muchos a\u00f1os de locutora de radio-f\u00f3rmula)<br \/>Narradora de Audiogu\u00edas.<br \/>Narradora de cuentos propios: Cuentos Lila.<\/p>\n<p>[\/et_pb_text][\/et_pb_column][et_pb_column type=\u00bb1_2&#8243; _builder_version=\u00bb4.16&#8243; custom_padding=\u00bb|||\u00bb custom_padding_tablet=\u00bb0%||0%|\u00bb custom_padding_last_edited=\u00bboff|desktop\u00bb global_colors_info=\u00bb{}\u00bb padding_tablet=\u00bb0%||0%|\u00bb padding_last_edited=\u00bboff|desktop\u00bb custom_padding__hover=\u00bb|||\u00bb _module_preset=\u00bbdefault\u00bb theme_builder_area=\u00bbpost_content\u00bb][et_pb_image src=\u00bbhttps:\/\/martapalencia.com\/wp-content\/uploads\/2022\/05\/RADIO07-1.jpg\u00bb force_fullwidth=\u00bbon\u00bb align_tablet=\u00bbcenter\u00bb align_last_edited=\u00bbon|desktop\u00bb _builder_version=\u00bb4.17.4&#8243; hover_enabled=\u00bb0&#8243; border_radii=\u00bbon|4px|4px|4px|4px\u00bb global_colors_info=\u00bb{}\u00bb _module_preset=\u00bbdefault\u00bb theme_builder_area=\u00bbpost_content\u00bb title_text=\u00bbRADIO07&#8243; sticky_enabled=\u00bb0&#8243; align_phone=\u00bbcenter\u00bb][\/et_pb_image][\/et_pb_column][\/et_pb_row][\/et_pb_section][et_pb_section fb_built=\u00bb1&#8243; admin_label=\u00bbMeet The Team\u00bb _builder_version=\u00bb4.16&#8243; custom_padding=\u00bb54px|0px|54px|0px|false|false\u00bb global_colors_info=\u00bb{}\u00bb _module_preset=\u00bbdefault\u00bb theme_builder_area=\u00bbpost_content\u00bb][et_pb_row _builder_version=\u00bb4.16&#8243; global_colors_info=\u00bb{}\u00bb _module_preset=\u00bbdefault\u00bb theme_builder_area=\u00bbpost_content\u00bb][et_pb_column type=\u00bb4_4&#8243; _builder_version=\u00bb4.16&#8243; custom_padding=\u00bb|||\u00bb global_colors_info=\u00bb{}\u00bb custom_padding__hover=\u00bb|||\u00bb _module_preset=\u00bbdefault\u00bb theme_builder_area=\u00bbpost_content\u00bb][et_pb_text _builder_version=\u00bb4.17.4&#8243; text_font=\u00bb||||||||\u00bb text_font_size=\u00bb16px\u00bb text_line_height=\u00bb2em\u00bb header_font=\u00bb||||||||\u00bb header_2_font=\u00bbAbril Fatface||||||||\u00bb header_2_font_size=\u00bb60px\u00bb header_2_line_height=\u00bb1.2em\u00bb text_orientation=\u00bbcenter\u00bb max_width=\u00bb600px\u00bb module_alignment=\u00bbcenter\u00bb hover_enabled=\u00bb0&#8243; header_2_font_size_tablet=\u00bb50px\u00bb header_2_font_size_phone=\u00bb32px\u00bb header_2_font_size_last_edited=\u00bbon|desktop\u00bb global_colors_info=\u00bb{}\u00bb _module_preset=\u00bbdefault\u00bb theme_builder_area=\u00bbpost_content\u00bb sticky_enabled=\u00bb0&#8243;]<\/p>\n<h2>En la RADIO<\/h2>\n<p>&nbsp;<\/p>\n<p>[\/et_pb_text][\/et_pb_column][\/et_pb_row][et_pb_row _builder_version=\u00bb4.16&#8243; hover_enabled=\u00bb0&#8243; global_colors_info=\u00bb{}\u00bb _module_preset=\u00bbdefault\u00bb column_structure=\u00bb1_3,1_3,1_3&#8243; theme_builder_area=\u00bbpost_content\u00bb sticky_enabled=\u00bb0&#8243;][et_pb_column type=\u00bb1_3&#8243; _builder_version=\u00bb4.16&#8243; custom_padding=\u00bb|||\u00bb global_colors_info=\u00bb{}\u00bb custom_padding__hover=\u00bb|||\u00bb _module_preset=\u00bbdefault\u00bb theme_builder_area=\u00bbpost_content\u00bb][et_pb_team_member name=\u00bbCom Radio\u00bb position=\u00bbLa Volta al m\u00f3n\u00bb image_url=\u00bbhttps:\/\/martapalencia.com\/wp-content\/uploads\/2022\/05\/marta-Contes.jpg\u00bb icon_color=\u00bbrgba(74,74,74,0.3)\u00bb _builder_version=\u00bb4.17.4&#8243; header_font=\u00bbAbril Fatface||||||||\u00bb header_font_size=\u00bb24px\u00bb header_line_height=\u00bb1.2em\u00bb body_font=\u00bbCabin||||||||\u00bb body_font_size=\u00bb16px\u00bb body_line_height=\u00bb1.8em\u00bb hover_enabled=\u00bb0&#8243; border_radii_image=\u00bbon|4px|4px|4px|4px\u00bb icon_hover_color=\u00bb#ff6d4a\u00bb global_colors_info=\u00bb{}\u00bb icon_color__hover=\u00bb#ff6d4a\u00bb icon_color__hover_enabled=\u00bbon\u00bb _module_preset=\u00bbdefault\u00bb theme_builder_area=\u00bbpost_content\u00bb title_text=\u00bbmarta-Contes\u00bb sticky_enabled=\u00bb0&#8243; text_orientation=\u00bbcenter\u00bb][\/et_pb_team_member][\/et_pb_column][et_pb_column type=\u00bb1_3&#8243; _builder_version=\u00bb4.16&#8243; custom_padding=\u00bb|||\u00bb global_colors_info=\u00bb{}\u00bb custom_padding__hover=\u00bb|||\u00bb _module_preset=\u00bbdefault\u00bb theme_builder_area=\u00bbpost_content\u00bb][et_pb_team_member name=\u00bbCadena SER\u00bb position=\u00bbCONECTADOS\u00bb image_url=\u00bbhttps:\/\/martapalencia.com\/wp-content\/uploads\/2022\/05\/locutora-radio.jpg\u00bb icon_color=\u00bbrgba(74,74,74,0.3)\u00bb _builder_version=\u00bb4.17.4&#8243; header_font=\u00bbAbril Fatface||||||||\u00bb header_font_size=\u00bb24px\u00bb header_line_height=\u00bb1.2em\u00bb body_font=\u00bbCabin||||||||\u00bb body_font_size=\u00bb16px\u00bb body_line_height=\u00bb1.8em\u00bb hover_enabled=\u00bb0&#8243; border_radii_image=\u00bbon|4px|4px|4px|4px\u00bb icon_hover_color=\u00bb#ff6d4a\u00bb global_colors_info=\u00bb{}\u00bb icon_color__hover=\u00bb#ff6d4a\u00bb icon_color__hover_enabled=\u00bbon\u00bb _module_preset=\u00bbdefault\u00bb theme_builder_area=\u00bbpost_content\u00bb title_text=\u00bblocutora-radio\u00bb text_orientation=\u00bbcenter\u00bb sticky_enabled=\u00bb0&#8243;][\/et_pb_team_member][\/et_pb_column][et_pb_column type=\u00bb1_3&#8243; _builder_version=\u00bb4.16&#8243; custom_padding=\u00bb|||\u00bb global_colors_info=\u00bb{}\u00bb custom_padding__hover=\u00bb|||\u00bb _module_preset=\u00bbdefault\u00bb theme_builder_area=\u00bbpost_content\u00bb][et_pb_team_member name=\u00bbGestiona Radio\u00bb position=\u00bbEn Clave de Tecnolog\u00eda\u00bb image_url=\u00bbhttps:\/\/martapalencia.com\/wp-content\/uploads\/2022\/05\/locutora-pub.jpg\u00bb icon_color=\u00bbrgba(74,74,74,0.3)\u00bb _builder_version=\u00bb4.17.4&#8243; header_font=\u00bbAbril Fatface||||||||\u00bb header_font_size=\u00bb24px\u00bb header_line_height=\u00bb1.2em\u00bb body_font=\u00bbCabin||||||||\u00bb body_font_size=\u00bb16px\u00bb body_line_height=\u00bb1.8em\u00bb hover_enabled=\u00bb0&#8243; border_radii_image=\u00bbon|4px|4px|4px|4px\u00bb icon_hover_color=\u00bb#ff6d4a\u00bb global_colors_info=\u00bb{}\u00bb icon_color__hover=\u00bb#ff6d4a\u00bb icon_color__hover_enabled=\u00bbon\u00bb _module_preset=\u00bbdefault\u00bb theme_builder_area=\u00bbpost_content\u00bb title_text=\u00bblocutora-pub\u00bb sticky_enabled=\u00bb0&#8243; text_orientation=\u00bbcenter\u00bb][\/et_pb_team_member][\/et_pb_column][\/et_pb_row][\/et_pb_section]<\/p>\n","protected":false},"excerpt":{"rendered":"<p>A los 17 a\u00f1os inici\u00e9 mi carrera en los medios de comunicaci\u00f3n. En la RADIO, mi pasi\u00f3n.Comunicadora nata Me licenci\u00e9 como Fil\u00f3loga en la Universidad de Barcelona pero trabajo como Periodista desde hace m\u00e1s de 20 a\u00f1os.Mi aut\u00e9ntica pasi\u00f3n es la Comunicaci\u00f3n, pieza clave para entendernos, descubrirnos y hacer llegar a los dem\u00e1s lo que [&hellip;]<\/p>\n","protected":false},"author":1,"featured_media":0,"parent":0,"menu_order":0,"comment_status":"closed","ping_status":"closed","template":"","meta":{"_et_pb_use_builder":"on","_et_pb_old_content":"","_et_gb_content_width":""},"_links":{"self":[{"href":"https:\/\/martapalencia.com\/index.php?rest_route=\/wp\/v2\/pages\/1178"}],"collection":[{"href":"https:\/\/martapalencia.com\/index.php?rest_route=\/wp\/v2\/pages"}],"about":[{"href":"https:\/\/martapalencia.com\/index.php?rest_route=\/wp\/v2\/types\/page"}],"author":[{"embeddable":true,"href":"https:\/\/martapalencia.com\/index.php?rest_route=\/wp\/v2\/users\/1"}],"replies":[{"embeddable":true,"href":"https:\/\/martapalencia.com\/index.php?rest_route=%2Fwp%2Fv2%2Fcomments&post=1178"}],"version-history":[{"count":12,"href":"https:\/\/martapalencia.com\/index.php?rest_route=\/wp\/v2\/pages\/1178\/revisions"}],"predecessor-version":[{"id":1271,"href":"https:\/\/martapalencia.com\/index.php?rest_route=\/wp\/v2\/pages\/1178\/revisions\/1271"}],"wp:attachment":[{"href":"https:\/\/martapalencia.com\/index.php?rest_route=%2Fwp%2Fv2%2Fmedia&parent=1178"}],"curies":[{"name":"wp","href":"https:\/\/api.w.org\/{rel}","templated":true}]}}